{"id":1769,"date":"2012-08-13T15:49:31","date_gmt":"2012-08-13T13:49:31","guid":{"rendered":"http:\/\/bsvspittal.liland.at\/?page_id=1769"},"modified":"2014-02-21T10:08:14","modified_gmt":"2014-02-21T09:08:14","slug":"verein","status":"publish","type":"page","link":"https:\/\/bsvspittal.liland.at\/?page_id=1769","title":{"rendered":"Verein"},"content":{"rendered":"<p style=\"text-align: justify;\"><a href=\"http:\/\/bsvspittal.liland.at\/wp-content\/uploads\/2012\/08\/verein1.jpg\"><img loading=\"lazy\" class=\"size-full wp-image-1792 aligncenter\" title=\"verein1\" src=\"http:\/\/bsvspittal.liland.at\/wp-content\/uploads\/2012\/08\/verein1.jpg\" alt=\"\" width=\"469\" height=\"300\" srcset=\"http:\/\/bsvspittal.liland.at\/wp-content\/uploads\/2012\/08\/verein1.jpg 469w, http:\/\/bsvspittal.liland.at\/wp-content\/uploads\/2012\/08\/verein1-150x95.jpg 150w, http:\/\/bsvspittal.liland.at\/wp-content\/uploads\/2012\/08\/verein1-300x191.jpg 300w\" sizes=\"(max-width: 469px) 100vw, 469px\" \/><\/a><\/p>\n<p style=\"text-align: justify;\">Mit der <strong>Gr\u00fcndung<\/strong> des <strong>Behindertensportvereines Spittal\/Drau<\/strong> im <strong>Jahre 1984<\/strong> wurden vorerst 34 Mitglieder aus dem Raum Oberk\u00e4rnten erfasst und die erforderlichen Sektionen Wintersport, Rollstuhlsport, Schwimmen, Schie\u00dfen, Leichtathletik und Kegeln installiert.<\/p>\n<p style=\"text-align: justify;\">Die Pioniere des Vereines waren Anfangs der Obmann Reinhold <strong>SABERNIG<\/strong>, Peter LENZ, Georg SCHNEIDER, Stefan KRIEGHOFER, Georg STEINER und Gerhard WADITZER.<\/p>\n<p>&nbsp;<\/p>\n<h3>Vereinsvorstand Jahrenshauptversammlung 2006<\/h3>\n<p>Gew\u00e4hlt f\u00fcr die n\u00e4chsten 4 Jahre wurden<\/p>\n<p><strong>Obmann: <\/strong>Reinhold SABERNIG<br \/>\n<strong>Stellvertreter<\/strong>: Wilhelm GR\u00d6BLACHER<\/p>\n<p><strong>Kassier<\/strong>: Georg STEINER<\/p>\n<p><strong>Schriftf\u00fchrer: <\/strong>Peter LENZ<\/p>\n<p><strong>Sektionsleiter Schwimmen<\/strong>: Werner STEINDL<\/p>\n<p><strong>Sektionsleiter Leichtathletik: <\/strong>Ana SLAVKOVA<\/p>\n<p><strong>Sektionsleiter Ski Alpin: <\/strong>Rudi HOCHENBERGER<\/p>\n<p><strong>Jugend &#8211; Schwimmen<\/strong>: Hanni GLANZNIG<\/p>\n<p>&nbsp;<\/p>\n<h3>GENERALVERSAMMLUNG\u00a0 und\u00a0 NEUWAHLEN \u00a02010<a href=\"http:\/\/bsvspittal.liland.at\/wp-content\/uploads\/2012\/08\/verein2.jpg\"><img loading=\"lazy\" class=\"alignright size-full wp-image-1796\" title=\"verein2\" src=\"http:\/\/bsvspittal.liland.at\/wp-content\/uploads\/2012\/08\/verein2.jpg\" alt=\"\" width=\"300\" height=\"225\" srcset=\"http:\/\/bsvspittal.liland.at\/wp-content\/uploads\/2012\/08\/verein2.jpg 300w, http:\/\/bsvspittal.liland.at\/wp-content\/uploads\/2012\/08\/verein2-150x112.jpg 150w\" sizes=\"(max-width: 300px) 100vw, 300px\" \/><\/a><\/h3>\n<p style=\"text-align: justify;\">Unser Verein hielt am 27.11.2010\u00a0 im Gasthaus Br\u00fcckenwirt in Spittal\/Drau seine ordentliche Generalversammlung ab. Nach 26-j\u00e4hriger T\u00e4tigkeit legte Reinhold <strong>SABERNIG<\/strong>\u00a0 seine Funktion als &gt;Obmann des Vereines altersbedingt zur\u00fcck.<\/p>\n<p style=\"text-align: justify;\">Reinhold SABERNIG\u00a0 f\u00fchrte den Verein vorbildlich und unter seiner F\u00fchrung konnten die Schwimmer des Vereines 143 Staatsmeitertitel, 52 Silbermedaillen und 31 Bronzemedaillen bei Staatsmeisterschaften nach Spittal\/Drau holen.<\/p>\n<p style=\"text-align: justify;\">Bei den Neuwahlen \u00fcbernahme der Pr\u00e4sident des KBSV\u00a0 Spittal\/Drau DiplIng Franz WEINGARTNER den Vorsitz.<\/p>\n<p style=\"text-align: justify;\">Als neuer Obmann des BSV-Spittal\/Drau wurde der Student\u00a0 Klaus <strong>H\u00d6SSL<\/strong> gew\u00e4hlt.<strong><\/strong><\/p>\n<p style=\"text-align: justify;\">Als Ehrenpr\u00e4sident wurde Reinhold SABERNIG\u00a0 vorgeschlagen und dies wurde von ihm auch<br \/>\nangenommen.<\/p>\n<p>&nbsp;<\/p>\n<p><strong>Neuer Vereinsvorstand:<\/strong><strong><a href=\"http:\/\/bsvspittal.liland.at\/wp-content\/uploads\/2012\/08\/verein3.jpg\"><img loading=\"lazy\" class=\"alignright size-full wp-image-1797\" title=\"verein3\" src=\"http:\/\/bsvspittal.liland.at\/wp-content\/uploads\/2012\/08\/verein3.jpg\" alt=\"\" width=\"300\" height=\"225\" srcset=\"http:\/\/bsvspittal.liland.at\/wp-content\/uploads\/2012\/08\/verein3.jpg 300w, http:\/\/bsvspittal.liland.at\/wp-content\/uploads\/2012\/08\/verein3-150x112.jpg 150w\" sizes=\"(max-width: 300px) 100vw, 300px\" \/><\/a><\/strong><\/p>\n<p>Obmann:\u00a0 Klaus\u00a0<strong> H\u00d6SSL \u00a0 \u00a0\u00a0 <\/strong>Obmannstellvertreter:\u00a0 Willi GR\u00d6BLACHER<\/p>\n<p>Kassier: \u00a0Werner \u00a0STEINDL<strong>\u00a0 \u00a0<\/strong><\/p>\n<p><strong> <\/strong>Kassierstellvertreter:<\/p>\n<p>Schriftf\u00fchrer:\u00a0 Peter\u00a0 LENZ<\/p>\n<p>Schriftf\u00fchrerstellvertreter:\u00a0 Haimo PLATZER<\/p>\n<p>Rechnungspr\u00fcfer:\u00a0 Heiner STOTTER\u00a0 und Erich\u00a0 TRUPP<\/p>\n<p>&nbsp;<\/p>\n<p><strong>Sektionsleiter: \u00a0<\/strong><\/p>\n<p>Schwimmen:\u00a0 Werner\u00a0 STEINDL<\/p>\n<p>Schwimmen\u00a0 Jugend:\u00a0 Johanna\u00a0 GLANZNIG<\/p>\n<p>Leichtathletik: \u00a0Werner \u00a0STEINDL<\/p>\n<p>Pressearbeit:\u00a0 Werner\u00a0 STEINDL<\/p>\n<p>Beirat:\u00a0 Irene\u00a0 RINDLER<\/p>\n<p>&nbsp;<\/p>\n<h3>Generalversammlung\u00a0 2014\u00a0 und Neuwahl des\u00a0 Vorstandes<\/h3>\n<p>Am 15.02.2014\u00a0 fand\u00a0 in Spittal\/Drau, im G\u00f6sser-Br\u00e4u, die ordentliche Generalversammlung\u00a0 des Behindertensportvereines Spittal\/Drau statt.<\/p>\n<p>Im Beisein des Vizepr\u00e4sidenten\u00a0 des ASV\u00d6\u00a0 K\u00e4rnten, Ing. Hermann STRIEDER und des Gemeinderates\u00a0 Peter SANTNER\u00a0 wurde ein neuer\u00a0Vorstand gew\u00e4hlt.<strong>\u00a0<\/strong><\/p>\n<p><strong>Obmann:\u00a0 <\/strong>Mag. Klaus H\u00d6SSL<\/p>\n<ol>\n<li>Obmann Stv.:\u00a0 Hermann\u00a0 ERTL<a href=\"http:\/\/bsvspittal.liland.at\/wp-content\/uploads\/2014\/02\/GV-Neuer-Vorstand-2014.jpg\" target=\"_blank\"><img loading=\"lazy\" class=\"alignright size-full wp-image-2542\" title=\"GV-Neuer Vorstand 2014\" src=\"http:\/\/bsvspittal.liland.at\/wp-content\/uploads\/2014\/02\/GV-Neuer-Vorstand-2014kl.jpg\" alt=\"GV-Neuer Vorstand 2014\" width=\"300\" height=\"201\" srcset=\"http:\/\/bsvspittal.liland.at\/wp-content\/uploads\/2014\/02\/GV-Neuer-Vorstand-2014kl.jpg 300w, http:\/\/bsvspittal.liland.at\/wp-content\/uploads\/2014\/02\/GV-Neuer-Vorstand-2014kl-150x100.jpg 150w\" sizes=\"(max-width: 300px) 100vw, 300px\" \/><\/a><\/li>\n<li>Obmann Stv.:\u00a0 Reinhold SABERNIG<strong>\u00a0<\/strong><\/li>\n<\/ol>\n<p><strong>Kassier:\u00a0\u00a0\u00a0\u00a0 <\/strong>Werner\u00a0 STEINDL<\/p>\n<p><strong>\u00a0\u00a0\u00a0\u00a0\u00a0 <\/strong>Kassier Stv.:\u00a0<strong>\u00a0 <\/strong>Irene RINDLER<strong>\u00a0<\/strong><\/p>\n<p><strong>Schriftf\u00fchrer:\u00a0\u00a0 <\/strong>Ingrid\u00a0 SLAMNIG<\/p>\n<p><strong>\u00a0\u00a0\u00a0\u00a0\u00a0\u00a0 <\/strong>Schriftf\u00fchrer Stv.:\u00a0\u00a0 Haimo\u00a0 PLATZER<strong>\u00a0<\/strong><\/p>\n<p><strong>Rechnungspr\u00fcfer:\u00a0\u00a0 <\/strong>Erich TRUPP<\/p>\n<p>Heinrich\u00a0 STOTTER<strong>\u00a0<\/strong><\/p>\n<p><strong>Sektion\u00a0 Schwimmen:\u00a0\u00a0\u00a0 <\/strong>Johanna\u00a0 GLANZNIG<\/p>\n<p>Werner\u00a0\u00a0 STEINDL<strong>\u00a0<\/strong><\/p>\n<p><strong>Sektion Leichtathletik:\u00a0 <\/strong>Werner\u00a0 STEINDL<\/p>\n<p>&nbsp;<\/p>\n","protected":false},"excerpt":{"rendered":"<p>Mit der Gr\u00fcndung des Behindertensportvereines Spittal\/Drau im Jahre 1984 wurden vorerst 34 Mitglieder aus dem Raum Oberk\u00e4rnten erfasst und die erforderlichen Sektionen Wintersport, Rollstuhlsport, Schwimmen, Schie\u00dfen, Leichtathletik und Kegeln installiert. Die Pioniere des Vereines waren Anfangs der Obmann Reinhold SABERNIG, Peter LENZ, Georg SCHNEIDER, Stefan KRIEGHOFER, Georg STEINER und Gerhard WADITZER. &nbsp; Vereinsvorstand Jahrenshauptversammlung 2006 [&hellip;]<\/p>\n","protected":false},"author":1,"featured_media":1792,"parent":0,"menu_order":3,"comment_status":"closed","ping_status":"closed","template":"page-full.php","meta":[],"_links":{"self":[{"href":"https:\/\/bsvspittal.liland.at\/index.php?rest_route=\/wp\/v2\/pages\/1769"}],"collection":[{"href":"https:\/\/bsvspittal.liland.at\/index.php?rest_route=\/wp\/v2\/pages"}],"about":[{"href":"https:\/\/bsvspittal.liland.at\/index.php?rest_route=\/wp\/v2\/types\/page"}],"author":[{"embeddable":true,"href":"https:\/\/bsvspittal.liland.at\/index.php?rest_route=\/wp\/v2\/users\/1"}],"replies":[{"embeddable":true,"href":"https:\/\/bsvspittal.liland.at\/index.php?rest_route=%2Fwp%2Fv2%2Fcomments&post=1769"}],"version-history":[{"count":11,"href":"https:\/\/bsvspittal.liland.at\/index.php?rest_route=\/wp\/v2\/pages\/1769\/revisions"}],"predecessor-version":[{"id":1793,"href":"https:\/\/bsvspittal.liland.at\/index.php?rest_route=\/wp\/v2\/pages\/1769\/revisions\/1793"}],"wp:featuredmedia":[{"embeddable":true,"href":"https:\/\/bsvspittal.liland.at\/index.php?rest_route=\/wp\/v2\/media\/1792"}],"wp:attachment":[{"href":"https:\/\/bsvspittal.liland.at\/index.php?rest_route=%2Fwp%2Fv2%2Fmedia&parent=1769"}],"curies":[{"name":"wp","href":"https:\/\/api.w.org\/{rel}","templated":true}]}}