{"id":1974,"date":"2012-09-19T12:38:45","date_gmt":"2012-09-19T10:38:45","guid":{"rendered":"http:\/\/bsvspittal.liland.at\/?page_id=1974"},"modified":"2020-03-30T18:20:16","modified_gmt":"2020-03-30T16:20:16","slug":"vereinsmitglieder","status":"publish","type":"page","link":"https:\/\/bsvspittal.liland.at\/?page_id=1974","title":{"rendered":"Vereinsmitglieder"},"content":{"rendered":"\n<figure class=\"wp-block-image size-large is-resized\"><img loading=\"lazy\" src=\"http:\/\/bsvspittal.liland.at\/wp-content\/uploads\/2020\/03\/Julian-K\u00d6STINGER-1-e1585583789790.jpg\" alt=\"\" class=\"wp-image-3187\" width=\"240\" height=\"320\"\/><figcaption>Julian K\u00d6STINGER<\/figcaption><\/figure>\n\n\n\n<figure class=\"wp-block-image size-large is-resized\"><img loading=\"lazy\" src=\"http:\/\/bsvspittal.liland.at\/wp-content\/uploads\/2020\/03\/Emily-PREIML-1-e1585583853798.jpg\" alt=\"\" class=\"wp-image-3169\" width=\"240\" height=\"320\"\/><figcaption>Emily PREIML<\/figcaption><\/figure>\n\n\n\n<figure class=\"wp-block-image size-large is-resized\"><img loading=\"lazy\" src=\"http:\/\/bsvspittal.liland.at\/wp-content\/uploads\/2020\/03\/Michael-RAMSBACHER-2-e1585583737751.jpg\" alt=\"\" class=\"wp-image-3201\" width=\"240\" height=\"320\"\/><figcaption>Michael RAMSBACHER<\/figcaption><\/figure>\n\n\n\n<figure class=\"wp-block-image size-large is-resized\"><img loading=\"lazy\" src=\"http:\/\/bsvspittal.liland.at\/wp-content\/uploads\/2020\/03\/Judith-EGGER-\u00d6STM-2019-Linz-1.jpg\" alt=\"\" class=\"wp-image-3183\" width=\"300\" height=\"225\"\/><figcaption>Judith Egger \u00d6STM 2019<\/figcaption><\/figure>\n\n\n\n<figure class=\"wp-block-image size-large is-resized\"><img src=\"http:\/\/bsvspittal.liland.at\/wp-content\/uploads\/2020\/03\/KM-2019-Sieger-Jugend-1.jpg\" alt=\"\" class=\"wp-image-3191\" width=\"300\"\/><figcaption>KM 2019 Sieger Jugend<\/figcaption><\/figure>\n\n\n\n<figure class=\"wp-block-image size-large is-resized\"><img src=\"http:\/\/bsvspittal.liland.at\/wp-content\/uploads\/2020\/03\/KM-2019-Siegerehrung-1.jpg\" alt=\"\" class=\"wp-image-3192\" width=\"300\"\/><figcaption>KM 2019 Siegerehrung<\/figcaption><\/figure>\n\n\n\n<figure class=\"wp-block-image size-large is-resized\"><img src=\"http:\/\/bsvspittal.liland.at\/wp-content\/uploads\/2020\/03\/Michael-Ramsbacher-\u00d6STM-2019-Innsbruck-1.jpg\" alt=\"\" class=\"wp-image-3193\" width=\"300\"\/><figcaption>Michael Ramsbacher \u00d6STM Innsbruck 2019<\/figcaption><\/figure>\n\n\n\n<figure class=\"wp-block-image size-large is-resized\"><img loading=\"lazy\" src=\"http:\/\/bsvspittal.liland.at\/wp-content\/uploads\/2020\/03\/FLORIAN-Markus-2-e1585583829728.jpg\" alt=\"\" class=\"wp-image-3179\" width=\"240\" height=\"320\"\/><figcaption>Florian Markus<\/figcaption><\/figure>\n\n\n\n<figure class=\"wp-block-image size-large is-resized\"><img src=\"http:\/\/bsvspittal.liland.at\/wp-content\/uploads\/2020\/03\/Heidi-SEMMLER-1-1.jpg\" alt=\"\" class=\"wp-image-3197\" width=\"200\"\/><figcaption>Heidi Semmler   <br>\u00dcbungsleiterin Schwimmen im Verein<br> \u00a0\u00a0\u00a0\u00a0\u00a0\u00a0\u00a0\u00a0\u00a0\u00a0\u00a0\u00a0\u00a0\u00a0\u00a0\u00a0 Triathletin\u00a0 und IRONMAN\u00a0 Teilnehmerin 2019 <\/figcaption><\/figure>\n\n\n\n<figure class=\"wp-block-image size-large is-resized\"><img loading=\"lazy\" src=\"http:\/\/bsvspittal.liland.at\/wp-content\/uploads\/2020\/03\/HUMMEL-Edwin-1-e1585583808186.jpg\" alt=\"\" class=\"wp-image-3180\" width=\"240\" height=\"320\"\/><figcaption>Edwin Hummel<\/figcaption><\/figure>\n\n\n<div>\n<div id=\"attachment_2908\" style=\"width: 210px\" class=\"wp-caption alignleft\"><img aria-describedby=\"caption-attachment-2908\" loading=\"lazy\" class=\"wp-image-2908 size-medium\" src=\"http:\/\/bsvspittal.liland.at\/wp-content\/uploads\/2012\/09\/k-Judith-Egger-200x300.jpg\" alt=\"Judith Egger\" width=\"200\" height=\"300\" srcset=\"http:\/\/bsvspittal.liland.at\/wp-content\/uploads\/2012\/09\/k-Judith-Egger-200x300.jpg 200w, http:\/\/bsvspittal.liland.at\/wp-content\/uploads\/2012\/09\/k-Judith-Egger-100x150.jpg 100w, http:\/\/bsvspittal.liland.at\/wp-content\/uploads\/2012\/09\/k-Judith-Egger.jpg 426w\" sizes=\"(max-width: 200px) 100vw, 200px\" \/><p id=\"caption-attachment-2908\" class=\"wp-caption-text\">Judith Egger<\/p><\/div>\n<p>\u00a0<\/p>\n<div id=\"attachment_2909\" style=\"width: 235px\" class=\"wp-caption alignleft\"><img aria-describedby=\"caption-attachment-2909\" loading=\"lazy\" class=\"wp-image-2909 size-medium\" src=\"http:\/\/bsvspittal.liland.at\/wp-content\/uploads\/2012\/09\/k-\u00d6JM-2017-Anna-Lena-225x300.jpg\" alt=\"Anna-Lena\" width=\"225\" height=\"300\" srcset=\"http:\/\/bsvspittal.liland.at\/wp-content\/uploads\/2012\/09\/k-\u00d6JM-2017-Anna-Lena-225x300.jpg 225w, http:\/\/bsvspittal.liland.at\/wp-content\/uploads\/2012\/09\/k-\u00d6JM-2017-Anna-Lena-113x150.jpg 113w, http:\/\/bsvspittal.liland.at\/wp-content\/uploads\/2012\/09\/k-\u00d6JM-2017-Anna-Lena.jpg 480w\" sizes=\"(max-width: 225px) 100vw, 225px\" \/><p id=\"caption-attachment-2909\" class=\"wp-caption-text\">Anna-Lena<\/p><\/div>\n<br \/>\n<div id=\"attachment_2911\" style=\"width: 210px\" class=\"wp-caption alignleft\"><img aria-describedby=\"caption-attachment-2911\" loading=\"lazy\" class=\"wp-image-2911 size-medium\" src=\"http:\/\/bsvspittal.liland.at\/wp-content\/uploads\/2012\/09\/k-Ramsbacher-Michael--200x300.jpg\" alt=\"Michael Ramsbacher\" width=\"200\" height=\"300\" srcset=\"http:\/\/bsvspittal.liland.at\/wp-content\/uploads\/2012\/09\/k-Ramsbacher-Michael--200x300.jpg 200w, http:\/\/bsvspittal.liland.at\/wp-content\/uploads\/2012\/09\/k-Ramsbacher-Michael--100x150.jpg 100w, http:\/\/bsvspittal.liland.at\/wp-content\/uploads\/2012\/09\/k-Ramsbacher-Michael-.jpg 426w\" sizes=\"(max-width: 200px) 100vw, 200px\" \/><p id=\"caption-attachment-2911\" class=\"wp-caption-text\">Michael Ramsbacher<\/p><\/div>\n<br \/>\n<div id=\"attachment_2912\" style=\"width: 179px\" class=\"wp-caption alignleft\"><img aria-describedby=\"caption-attachment-2912\" loading=\"lazy\" class=\"wp-image-2912 size-medium\" src=\"http:\/\/bsvspittal.liland.at\/wp-content\/uploads\/2012\/09\/k-TM2017-Kevin--169x300.jpg\" alt=\"Kevin\" width=\"169\" height=\"300\" srcset=\"http:\/\/bsvspittal.liland.at\/wp-content\/uploads\/2012\/09\/k-TM2017-Kevin--169x300.jpg 169w, http:\/\/bsvspittal.liland.at\/wp-content\/uploads\/2012\/09\/k-TM2017-Kevin--84x150.jpg 84w, http:\/\/bsvspittal.liland.at\/wp-content\/uploads\/2012\/09\/k-TM2017-Kevin-.jpg 360w\" sizes=\"(max-width: 169px) 100vw, 169px\" \/><p id=\"caption-attachment-2912\" class=\"wp-caption-text\">Kevin<\/p><\/div>\n<br \/>\n<div id=\"attachment_3155\" style=\"width: 156px\" class=\"wp-caption alignright\"><img aria-describedby=\"caption-attachment-3155\" loading=\"lazy\" class=\"wp-image-3155\" src=\"http:\/\/bsvspittal.liland.at\/wp-content\/uploads\/2020\/03\/Edwin-HUMMEL-SLMSch-2020.jpg\" alt=\"Edwin Hummel\" width=\"146\" height=\"300\" \/><p id=\"caption-attachment-3155\" class=\"wp-caption-text\">Edwin Hummel<\/p><\/div>\n<br \/>\n<div id=\"attachment_2760\" style=\"width: 310px\" class=\"wp-caption alignright\"><a href=\"http:\/\/bsvspittal.liland.at\/?attachment_id=2760\" rel=\"attachment wp-att-2760\"><img aria-describedby=\"caption-attachment-2760\" loading=\"lazy\" class=\"wp-image-2760 size-medium\" title=\"Kevin\" src=\"http:\/\/bsvspittal.liland.at\/wp-content\/uploads\/2012\/09\/Kevin-300x225.jpg\" alt=\"Kevin KOHLWEIS - \u00d6sterr. Staatsmeister im Laufen \u00fcber\" width=\"300\" height=\"225\" srcset=\"http:\/\/bsvspittal.liland.at\/wp-content\/uploads\/2012\/09\/Kevin-300x225.jpg 300w, http:\/\/bsvspittal.liland.at\/wp-content\/uploads\/2012\/09\/Kevin-150x112.jpg 150w, http:\/\/bsvspittal.liland.at\/wp-content\/uploads\/2012\/09\/Kevin-1024x768.jpg 1024w, http:\/\/bsvspittal.liland.at\/wp-content\/uploads\/2012\/09\/Kevin.jpg 2048w\" sizes=\"(max-width: 300px) 100vw, 300px\" \/><\/a><p id=\"caption-attachment-2760\" class=\"wp-caption-text\">Kevin KOHLWEIS &#8211; \u00d6sterr. Staatsmeister im Laufen \u00fcber 100 m, 200 m und 400 m sowie im Weitsprung<\/p><\/div>\n<br \/>\n<div id=\"attachment_2331\" style=\"width: 310px\" class=\"wp-caption alignleft\"><a href=\"http:\/\/bsvspittal.liland.at\/?attachment_id=2331\" rel=\"attachment wp-att-2331\"><img aria-describedby=\"caption-attachment-2331\" loading=\"lazy\" class=\"wp-image-2331 size-medium\" title=\"CSC_0169\" src=\"http:\/\/bsvspittal.liland.at\/wp-content\/uploads\/2012\/09\/CSC_0169-300x199.jpg\" alt=\"Tomas GRUBER\" width=\"300\" height=\"199\" srcset=\"http:\/\/bsvspittal.liland.at\/wp-content\/uploads\/2012\/09\/CSC_0169-300x199.jpg 300w, http:\/\/bsvspittal.liland.at\/wp-content\/uploads\/2012\/09\/CSC_0169-150x99.jpg 150w, http:\/\/bsvspittal.liland.at\/wp-content\/uploads\/2012\/09\/CSC_0169-1024x680.jpg 1024w\" sizes=\"(max-width: 300px) 100vw, 300px\" \/><\/a><p id=\"caption-attachment-2331\" class=\"wp-caption-text\">Tomas GRUBER<\/p><\/div>\n<br \/>\n<div id=\"attachment_2910\" style=\"width: 310px\" class=\"wp-caption alignleft\"><img aria-describedby=\"caption-attachment-2910\" loading=\"lazy\" class=\"wp-image-2910 size-medium\" src=\"http:\/\/bsvspittal.liland.at\/wp-content\/uploads\/2012\/09\/k-Pleikner-300x199.jpg\" alt=\"Plaikner\" width=\"300\" height=\"199\" srcset=\"http:\/\/bsvspittal.liland.at\/wp-content\/uploads\/2012\/09\/k-Pleikner-300x199.jpg 300w, http:\/\/bsvspittal.liland.at\/wp-content\/uploads\/2012\/09\/k-Pleikner-150x100.jpg 150w, http:\/\/bsvspittal.liland.at\/wp-content\/uploads\/2012\/09\/k-Pleikner.jpg 640w\" sizes=\"(max-width: 300px) 100vw, 300px\" \/><p id=\"caption-attachment-2910\" class=\"wp-caption-text\">Plaikner<\/p><\/div>\n<br \/>\n<p style=\"text-align: center;\"><a style=\"font-size: 1.17em;\" href=\"http:\/\/bsvspittal.liland.at\/?attachment_id=2333\" rel=\"attachment wp-att-2333\">\u00a0<\/a><\/p>\n<div id=\"attachment_2324\" style=\"width: 310px\" class=\"wp-caption aligncenter\"><a href=\"http:\/\/bsvspittal.liland.at\/?attachment_id=2324\" rel=\"attachment wp-att-2324\"><img aria-describedby=\"caption-attachment-2324\" loading=\"lazy\" class=\"size-medium wp-image-2324 \" title=\"Jugend 2012\" src=\"http:\/\/bsvspittal.liland.at\/wp-content\/uploads\/2012\/09\/Jugend-20122-300x207.jpg\" alt=\"\" width=\"300\" height=\"207\" srcset=\"http:\/\/bsvspittal.liland.at\/wp-content\/uploads\/2012\/09\/Jugend-20122-300x207.jpg 300w, http:\/\/bsvspittal.liland.at\/wp-content\/uploads\/2012\/09\/Jugend-20122-150x103.jpg 150w, http:\/\/bsvspittal.liland.at\/wp-content\/uploads\/2012\/09\/Jugend-20122-1024x706.jpg 1024w, http:\/\/bsvspittal.liland.at\/wp-content\/uploads\/2012\/09\/Jugend-20122.jpg 1772w\" sizes=\"(max-width: 300px) 100vw, 300px\" \/><\/a><p id=\"caption-attachment-2324\" class=\"wp-caption-text\">Jugend beim Training im Hallenbad mit Trainerin Hanni<\/p><\/div>\n<p><a href=\"http:\/\/bsvspittal.liland.at\/?attachment_id=2263\" rel=\"attachment wp-att-2263\"><img loading=\"lazy\" class=\"alignleft size-medium wp-image-2263\" title=\"Nachwuchs 2012\" src=\"http:\/\/bsvspittal.liland.at\/wp-content\/uploads\/2012\/09\/Nachwuchs-2012-300x225.jpg\" alt=\"\" width=\"300\" height=\"225\" srcset=\"http:\/\/bsvspittal.liland.at\/wp-content\/uploads\/2012\/09\/Nachwuchs-2012-300x225.jpg 300w, http:\/\/bsvspittal.liland.at\/wp-content\/uploads\/2012\/09\/Nachwuchs-2012-150x112.jpg 150w, http:\/\/bsvspittal.liland.at\/wp-content\/uploads\/2012\/09\/Nachwuchs-2012-1024x768.jpg 1024w, http:\/\/bsvspittal.liland.at\/wp-content\/uploads\/2012\/09\/Nachwuchs-2012.jpg 2048w\" sizes=\"(max-width: 300px) 100vw, 300px\" \/><\/a><a href=\"http:\/\/bsvspittal.liland.at\/?attachment_id=2262\" rel=\"attachment wp-att-2262\"><img loading=\"lazy\" class=\"size-medium wp-image-2262 alignright\" title=\"Stefanie\" src=\"http:\/\/bsvspittal.liland.at\/wp-content\/uploads\/2012\/09\/Stefanie-300x225.jpg\" alt=\"Stefanie RAUTER\" width=\"300\" height=\"225\" srcset=\"http:\/\/bsvspittal.liland.at\/wp-content\/uploads\/2012\/09\/Stefanie-300x225.jpg 300w, http:\/\/bsvspittal.liland.at\/wp-content\/uploads\/2012\/09\/Stefanie-150x112.jpg 150w, http:\/\/bsvspittal.liland.at\/wp-content\/uploads\/2012\/09\/Stefanie-1024x768.jpg 1024w, http:\/\/bsvspittal.liland.at\/wp-content\/uploads\/2012\/09\/Stefanie.jpg 2048w\" sizes=\"(max-width: 300px) 100vw, 300px\" \/><\/a><\/p>\n<p><strong>\u00a0 \u00a0 \u00a0 \u00a0<em>Jugend des Vereines <\/em><\/strong><\/p>\n<p><strong>\u00a0 \u00a0 \u00a0 \u00a0 \u00a0 \u00a0 \u00a0 \u00a0 \u00a0 \u00a0 \u00a0 \u00a0 \u00a0 \u00a02012<\/strong><\/p>\n<p style=\"text-align: center;\">\u00a0 \u00a0 \u00a0 \u00a0 \u00a0 \u00a0 \u00a0 \u00a0 \u00a0 \u00a0 \u00a0 \u00a0 \u00a0 \u00a0 \u00a0 \u00a0 \u00a0 \u00a0 \u00a0 \u00a0 \u00a0 \u00a0 \u00a0 \u00a0 \u00a0 \u00a0 \u00a0 \u00a0 \u00a0 \u00a0 \u00a0 \u00a0 \u00a0 \u00a0 \u00a0 \u00a0 \u00a0 \u00a0 \u00a0 \u00a0 \u00a0 \u00a0 \u00a0 \u00a0 \u00a0 \u00a0 \u00a0 \u00a0 \u00a0 \u00a0 \u00a0 \u00a0 \u00a0 \u00a0 \u00a0 \u00a0 \u00a0 \u00a0 \u00a0 \u00a0 \u00a0 \u00a0 \u00a0 \u00a0 \u00a0 \u00a0 \u00a0 \u00a0 \u00a0 \u00a0 \u00a0 \u00a0 \u00a0 \u00a0 \u00a0 \u00a0 \u00a0 \u00a0 \u00a0 \u00a0 \u00a0 \u00a0 \u00a0 \u00a0 \u00a0 \u00a0 \u00a0 \u00a0 \u00a0 \u00a0 \u00a0 \u00a0 \u00a0 \u00a0 \u00a0 \u00a0 \u00a0 \u00a0Stefanie \u00a0RAUTER<br \/><a href=\"http:\/\/bsvspittal.liland.at\/?attachment_id=2327\" rel=\"attachment wp-att-2327\"><img loading=\"lazy\" title=\"Lisa\" src=\"http:\/\/bsvspittal.liland.at\/wp-content\/uploads\/2012\/09\/Lisa-300x225.jpg\" alt=\"\" width=\"300\" height=\"225\" \/><\/a><\/p>\n<p style=\"text-align: center;\">Lisa \u00a0 SORNIG \u00a0&#8211; \u00d6sterr. Staatsmeisterin \u00fcber 50 m und 100 m Brust<\/p>\n<p style=\"text-align: center;\"><img loading=\"lazy\" class=\"aligncenter\" src=\"http:\/\/bsvspittal.liland.at\/wp-content\/uploads\/2012\/09\/mitglieder18.jpg\" alt=\"\" width=\"295\" height=\"222\" \/><\/p>\n<p style=\"text-align: center;\">Matthias AUSSERWINKLER<\/p>\n<div id=\"attachment_2258\" style=\"width: 310px\" class=\"wp-caption alignright\"><a href=\"http:\/\/bsvspittal.liland.at\/?attachment_id=2258\" rel=\"attachment wp-att-2258\"><img aria-describedby=\"caption-attachment-2258\" loading=\"lazy\" class=\"size-medium wp-image-2258 \" title=\"Anna Lena\" src=\"http:\/\/bsvspittal.liland.at\/wp-content\/uploads\/2012\/09\/Anna-Lena-300x225.jpg\" alt=\"\" width=\"300\" height=\"225\" srcset=\"http:\/\/bsvspittal.liland.at\/wp-content\/uploads\/2012\/09\/Anna-Lena-300x225.jpg 300w, http:\/\/bsvspittal.liland.at\/wp-content\/uploads\/2012\/09\/Anna-Lena-150x112.jpg 150w, http:\/\/bsvspittal.liland.at\/wp-content\/uploads\/2012\/09\/Anna-Lena-1024x768.jpg 1024w, http:\/\/bsvspittal.liland.at\/wp-content\/uploads\/2012\/09\/Anna-Lena.jpg 2048w\" sizes=\"(max-width: 300px) 100vw, 300px\" \/><\/a><p id=\"caption-attachment-2258\" class=\"wp-caption-text\">Anna Lena STOCKER &#8211; \u00d6sterr. Jugendmeisterin 50 m Freistil und 50 m R\u00fccken<\/p><\/div>\n<h3><img loading=\"lazy\" src=\"http:\/\/bsvspittal.liland.at\/wp-content\/uploads\/2012\/09\/mitglieder19.jpg\" alt=\"\" width=\"295\" height=\"222\" \/><\/h3>\n<h3><strong>Julia PLEIKNER, \u00d6JM 50 m und 100m Freistil, 50 m R\u00fccken<\/strong><\/h3>\n<h3>\u00a0<\/h3>\n<h3 style=\"text-align: center;\">\u00a0<\/h3>\n<h3 style=\"text-align: center;\">\u00a0<\/h3>\n<h3>Siegerstaffel 4 x 100 m Freistil<\/h3>\n<\/div>\n<p>Die erfolgreiche Staffel der K\u00f6rperbehinderten \u00fcber 4 x 100 m Freistil\u00a0 mit Georg STIMPFL, Josef DULLNIG, Martin MORGENSTERN\u00a0 und Philip HOCHENBERGER<\/p>\n<p style=\"text-align: center;\"><a href=\"http:\/\/bsvspittal.liland.at\/wp-content\/uploads\/2012\/09\/mitglieder1.jpg\"><img loading=\"lazy\" class=\"aligncenter size-medium wp-image-1975\" title=\"mitglieder1\" src=\"http:\/\/bsvspittal.liland.at\/wp-content\/uploads\/2012\/09\/mitglieder1-300x224.jpg\" alt=\"\" width=\"300\" height=\"224\" srcset=\"http:\/\/bsvspittal.liland.at\/wp-content\/uploads\/2012\/09\/mitglieder1-300x224.jpg 300w, http:\/\/bsvspittal.liland.at\/wp-content\/uploads\/2012\/09\/mitglieder1-150x112.jpg 150w, http:\/\/bsvspittal.liland.at\/wp-content\/uploads\/2012\/09\/mitglieder1.jpg 334w\" sizes=\"(max-width: 300px) 100vw, 300px\" \/><\/a><\/p>\n<h3>Unsere Aush\u00e4ngeschilder der Mentalbehinderten<\/h3>\n<p><a href=\"http:\/\/bsvspittal.liland.at\/wp-content\/uploads\/2012\/09\/mitglieder2.jpg\"><img loading=\"lazy\" class=\"alignleft size-full wp-image-1976\" title=\"mitglieder2\" src=\"http:\/\/bsvspittal.liland.at\/wp-content\/uploads\/2012\/09\/mitglieder2.jpg\" alt=\"\" width=\"300\" height=\"225\" srcset=\"http:\/\/bsvspittal.liland.at\/wp-content\/uploads\/2012\/09\/mitglieder2.jpg 300w, http:\/\/bsvspittal.liland.at\/wp-content\/uploads\/2012\/09\/mitglieder2-150x112.jpg 150w\" sizes=\"(max-width: 300px) 100vw, 300px\" \/><\/a>Seit dem Jahre 1995\u00a0 sind Elisabeth <strong>KOCH\u00a0<\/strong> und Franz <strong>HINTEREGGER\u00a0<\/strong>\u00a0 und seit dem Jahr 1999\u00a0 auch Andrea\u00a0 <strong>GUGGENBERGER<\/strong>\u00a0 immer im Vorderfeld bei den internationalen Wettk\u00e4mpfen und den \u00f6sterr. Meisterschaften zu finden.<\/p>\n<p>Franz <strong>HINTEREGGER<\/strong>:\u00a0 \u00d6sterr. Meister \u00fcber 100 m und 50 m Brust,\u00a0 4 x 100 m\u00a0 Freistil Staffel.<\/p>\n<p>Elisabeth <strong>KOCH:<\/strong> \u00d6sterr. Meisterin \u00fcber 100 m Brust<\/p>\n<p>Andrea <strong>GUGGENBERGER<\/strong>. \u00d6sterr. Meisterin \u00fcber 100 m R\u00fccken<\/p>\n<p>Sie nahmen in den Jahren 1995 und 1999 auch an den Special Olympics \u00a0Sommerspielen\u00a0 in den USA\u00a0 teil.<\/p>\n<h3>\u00a0<\/h3>\n<h3>Erfolgreichster Schwimmer unseres Vereines<\/h3>\n<p><a href=\"http:\/\/bsvspittal.liland.at\/wp-content\/uploads\/2012\/09\/mitglieder4.jpg\"><img loading=\"lazy\" class=\"alignleft size-full wp-image-1984\" title=\"mitglieder4\" src=\"http:\/\/bsvspittal.liland.at\/wp-content\/uploads\/2012\/09\/mitglieder4.jpg\" alt=\"\" width=\"300\" height=\"281\" srcset=\"http:\/\/bsvspittal.liland.at\/wp-content\/uploads\/2012\/09\/mitglieder4.jpg 300w, http:\/\/bsvspittal.liland.at\/wp-content\/uploads\/2012\/09\/mitglieder4-150x140.jpg 150w\" sizes=\"(max-width: 300px) 100vw, 300px\" \/><\/a>Philip <strong>HOCHENBERGER<\/strong> (Jg 1992), Sch\u00fcler der Sporthauptschule Spittall\/Drau,\u00a0 ist \u00d6sterr. Jugendmeister und Rekordhalter \u00fcber 50m, 100 m, 200 m, 400 m und 800 m Freistil.<\/p>\n<p>\u00d6sterreichischer Meister \u00a0\u00fcber 50 m, 100 m und 400 m Freistil.<\/p>\n<p>Er nahm bereits mehrmals an den intern. Deutschen Meisterschaften in Berlin teil\u00a0 und gewann auch heuer wieder\u00a0 2 x Gold und 1 x Silber.<\/p>\n<h3>\u00a0<\/h3>\n<h3>Caroline\u00a0 HERMANN &#8211; Jahrgang 1994 &#8211;<\/h3>\n<p><a href=\"http:\/\/bsvspittal.liland.at\/wp-content\/uploads\/2012\/09\/mitglieder20.jpg\"><img loading=\"lazy\" class=\"alignleft size-full wp-image-1990\" title=\"mitglieder20\" src=\"http:\/\/bsvspittal.liland.at\/wp-content\/uploads\/2012\/09\/mitglieder20.jpg\" alt=\"\" width=\"300\" height=\"225\" srcset=\"http:\/\/bsvspittal.liland.at\/wp-content\/uploads\/2012\/09\/mitglieder20.jpg 300w, http:\/\/bsvspittal.liland.at\/wp-content\/uploads\/2012\/09\/mitglieder20-150x112.jpg 150w\" sizes=\"(max-width: 300px) 100vw, 300px\" \/><\/a>Heiminsasse im Integrationszentrum Seebach &#8211; Besuch der\u00a0Antoniusschule in Spittal\/Drau.<br \/>\u00d6sterreichiche Jugendmeisterin im Schwimmen \u00fcber 50 m, 100 m Freistil sowie 50 m R\u00fccken. 2. \u00fcber 50 m Brust.<br \/>\u00d6sterr. Staatsmeisterin in der 4 x 100 m Freistil Staffel.<br \/>Sie h\u00e4lt auch in der Leichtathletik im Laufen \u00fcber 100 m, 200 m und 400 m\u00a0 sowie im Weitsprung den \u00f6sterr. Jugendrekord.<\/p>\n<h3>Weitere erfolgreiche Schwimmer des Vereines<\/h3>\n<p>Eva SLAMNIG, Gerhard WADITZER, Seppi LACKNER und Christa ORTNER, Gabi M\u00d6DERNDORFER, \u00a0 Gernot PLATZER, Markus OBERWINKLER; \u00a0Kerstin HUBER; \u00a0Gerid \u00a0RINDLER<\/p>\n<p>half]<a href=\"http:\/\/bsvspittal.liland.at\/wp-content\/uploads\/2012\/09\/mitglieder8.jpg\"><img loading=\"lazy\" class=\"size-full wp-image-1997 alignleft\" title=\"mitglieder8\" src=\"http:\/\/bsvspittal.liland.at\/wp-content\/uploads\/2012\/09\/mitglieder8.jpg\" alt=\"\" width=\"295\" height=\"222\" srcset=\"http:\/\/bsvspittal.liland.at\/wp-content\/uploads\/2012\/09\/mitglieder8.jpg 295w, http:\/\/bsvspittal.liland.at\/wp-content\/uploads\/2012\/09\/mitglieder8-150x112.jpg 150w\" sizes=\"(max-width: 295px) 100vw, 295px\" \/><\/a>[\/one_half]<div class='one_half last'>\r\n\t\t\t\t\t<a href=\"http:\/\/bsvspittal.liland.at\/wp-content\/uploads\/2012\/09\/mitglieder9.jpg\"><img loading=\"lazy\" class=\"size-full wp-image-1998 alignnone\" title=\"mitglieder9\" src=\"http:\/\/bsvspittal.liland.at\/wp-content\/uploads\/2012\/09\/mitglieder9.jpg\" alt=\"\" width=\"295\" height=\"222\" srcset=\"http:\/\/bsvspittal.liland.at\/wp-content\/uploads\/2012\/09\/mitglieder9.jpg 295w, http:\/\/bsvspittal.liland.at\/wp-content\/uploads\/2012\/09\/mitglieder9-150x112.jpg 150w\" sizes=\"(max-width: 295px) 100vw, 295px\" \/><\/a>alf_last]<a href=\"http:\/\/bsvspittal.liland.at\/wp-content\/uploads\/2012\/09\/mitglieder13.jpg\"><img loading=\"lazy\" class=\"size-full wp-image-2006 alignleft\" title=\"mitglieder13\" src=\"http:\/\/bsvspittal.liland.at\/wp-content\/uploads\/2012\/09\/mitglieder13.jpg\" alt=\"\" width=\"295\" height=\"394\" srcset=\"http:\/\/bsvspittal.liland.at\/wp-content\/uploads\/2012\/09\/mitglieder13.jpg 295w, http:\/\/bsvspittal.liland.at\/wp-content\/uploads\/2012\/09\/mitglieder13-112x150.jpg 112w, http:\/\/bsvspittal.liland.at\/wp-content\/uploads\/2012\/09\/mitglieder13-224x300.jpg 224w\" sizes=\"(max-width: 295px) 100vw, 295px\" \/><\/a>\r\n\t\t\t\t<\/div><div class='clear'><\/div><div class='one_half'>\r\n\t\t\t\t\t<a href=\"http:\/\/bsvspittal.liland.at\/wp-content\/uploads\/2012\/09\/mitglieder14.jpg\"><img loading=\"lazy\" class=\"size-full wp-image-2007 alignleft\" title=\"mitglieder14\" src=\"http:\/\/bsvspittal.liland.at\/wp-content\/uploads\/2012\/09\/mitglieder14.jpg\" alt=\"\" width=\"295\" height=\"215\" srcset=\"http:\/\/bsvspittal.liland.at\/wp-content\/uploads\/2012\/09\/mitglieder14.jpg 295w, http:\/\/bsvspittal.liland.at\/wp-content\/uploads\/2012\/09\/mitglieder14-150x109.jpg 150w\" sizes=\"(max-width: 295px) 100vw, 295px\" \/><\/a>\r\n\t\t\t\t<\/div><div class='one_half last'>\r\n\t\t\t\t\t\r\n\t\t\t\t<\/div><div class='clear'><\/div><div class='one_half'>\r\n\t\t\t\t\t<a href=\"http:\/\/bsvspittal.liland.at\/wp-content\/uploads\/2012\/09\/mitglieder16.jpg\"><img loading=\"lazy\" class=\"size-medium wp-image-2009 alignright\" title=\"mitglieder16\" src=\"http:\/\/bsvspittal.liland.at\/wp-content\/uploads\/2012\/09\/mitglieder16-220x300.jpg\" alt=\"\" width=\"220\" height=\"300\" srcset=\"http:\/\/bsvspittal.liland.at\/wp-content\/uploads\/2012\/09\/mitglieder16-220x300.jpg 220w, http:\/\/bsvspittal.liland.at\/wp-content\/uploads\/2012\/09\/mitglieder16-110x150.jpg 110w, http:\/\/bsvspittal.liland.at\/wp-content\/uploads\/2012\/09\/mitglieder16.jpg 295w\" sizes=\"(max-width: 220px) 100vw, 220px\" \/><\/a>\r\n\t\t\t\t<\/div><div class='one_half last'>\r\n\t\t\t\t\t\r\n\t\t\t\t<\/div><div class='clear'><\/div><div class='one_half'>\r\n\t\t\t\t\t\r\n\t\t\t\t<\/div><div class='one_half last'>\r\n\t\t\t\t\t\r\n\t\t\t\t<\/div><div class='clear'><\/div><\/p>\n<div>\u00a0<\/div>\n<div>\u00a0<\/div>\n<div>\u00a0<\/div>\n<div>\u00a0<\/div>\n<div style=\"text-align: center;\">\u00a0<\/div>\n<div>\u00a0<\/div>\n<div style=\"text-align: center;\">\u00a0<a href=\"http:\/\/bsvspittal.liland.at\/?attachment_id=2338\" rel=\"attachment wp-att-2338\"><img loading=\"lazy\" title=\"IMG_0463\" src=\"http:\/\/bsvspittal.liland.at\/wp-content\/uploads\/2012\/09\/IMG_0463-300x225.jpg\" alt=\"\" width=\"300\" height=\"225\" \/><\/a><\/div>\n<div>\u00a0<\/div>\n<div>\u00a0<\/div>\n<div>\u00a0<\/div>","protected":false},"excerpt":{"rendered":"<p>\u00a0 \u00a0 \u00a0 \u00a0 \u00a0 \u00a0Jugend des Vereines \u00a0 \u00a0 \u00a0 \u00a0 \u00a0 \u00a0 \u00a0 \u00a0 \u00a0 \u00a0 \u00a0 \u00a0 \u00a0 \u00a02012 \u00a0 \u00a0 \u00a0 \u00a0 \u00a0 \u00a0 \u00a0 \u00a0 \u00a0 \u00a0 \u00a0 \u00a0 \u00a0 \u00a0 \u00a0 \u00a0 \u00a0 \u00a0 \u00a0 \u00a0 \u00a0 \u00a0 \u00a0 \u00a0 \u00a0 \u00a0 \u00a0 \u00a0 \u00a0 \u00a0 \u00a0 \u00a0 \u00a0 [&hellip;]<\/p>\n","protected":false},"author":1,"featured_media":0,"parent":1773,"menu_order":0,"comment_status":"closed","ping_status":"closed","template":"page-full.php","meta":[],"_links":{"self":[{"href":"https:\/\/bsvspittal.liland.at\/index.php?rest_route=\/wp\/v2\/pages\/1974"}],"collection":[{"href":"https:\/\/bsvspittal.liland.at\/index.php?rest_route=\/wp\/v2\/pages"}],"about":[{"href":"https:\/\/bsvspittal.liland.at\/index.php?rest_route=\/wp\/v2\/types\/page"}],"author":[{"embeddable":true,"href":"https:\/\/bsvspittal.liland.at\/index.php?rest_route=\/wp\/v2\/users\/1"}],"replies":[{"embeddable":true,"href":"https:\/\/bsvspittal.liland.at\/index.php?rest_route=%2Fwp%2Fv2%2Fcomments&post=1974"}],"version-history":[{"count":104,"href":"https:\/\/bsvspittal.liland.at\/index.php?rest_route=\/wp\/v2\/pages\/1974\/revisions"}],"predecessor-version":[{"id":3241,"href":"https:\/\/bsvspittal.liland.at\/index.php?rest_route=\/wp\/v2\/pages\/1974\/revisions\/3241"}],"up":[{"embeddable":true,"href":"https:\/\/bsvspittal.liland.at\/index.php?rest_route=\/wp\/v2\/pages\/1773"}],"wp:attachment":[{"href":"https:\/\/bsvspittal.liland.at\/index.php?rest_route=%2Fwp%2Fv2%2Fmedia&parent=1974"}],"curies":[{"name":"wp","href":"https:\/\/api.w.org\/{rel}","templated":true}]}}